{"id":1018,"date":"2023-08-24T10:05:40","date_gmt":"2023-08-24T08:05:40","guid":{"rendered":"https:\/\/motoslorga.es\/accesorios\/"},"modified":"2023-12-20T09:07:45","modified_gmt":"2023-12-20T08:07:45","slug":"accesorios","status":"publish","type":"page","link":"https:\/\/motoslorga.es\/gl\/accesorios\/","title":{"rendered":"Accesorios"},"content":{"rendered":"<p>[et_pb_section fb_built=&#8221;1&#8243; custom_padding_last_edited=&#8221;on|tablet&#8221; admin_label=&#8221;Hero&#8221; _builder_version=&#8221;4.22.1&#8243; use_background_color_gradient=&#8221;on&#8221; background_color_gradient_stops=&#8221;rgba(27,31,37,0.2) 0%|#1b1f25 100%&#8221; background_color_gradient_overlays_image=&#8221;on&#8221; background_color_gradient_start=&#8221;rgba(27,31,37,0.2)&#8221; background_color_gradient_end=&#8221;#1b1f25&#8243; background_image=&#8221;https:\/\/motoslorga.es\/wp-content\/uploads\/2023\/08\/MALAGUTI-madison-125-312.jpg&#8221; custom_margin=&#8221;0px|||&#8221; custom_padding=&#8221;0px|10%|0px|10%|true|true&#8221; custom_padding_tablet=&#8221;|30px||30px||true&#8221; custom_padding_phone=&#8221;|||||true&#8221; locked=&#8221;off&#8221; global_colors_info=&#8221;{}&#8221;][et_pb_row column_structure=&#8221;2_3,1_3&#8243; padding_top_bottom_link_1=&#8221;true&#8221; padding_left_right_link_1=&#8221;true&#8221; _builder_version=&#8221;4.23.1&#8243; background_size=&#8221;initial&#8221; background_position=&#8221;top_left&#8221; width=&#8221;100%&#8221; max_width=&#8221;100%&#8221; custom_margin=&#8221;|||&#8221; custom_padding=&#8221;0||0px||false|false&#8221; use_custom_width=&#8221;on&#8221; width_unit=&#8221;off&#8221; custom_width_percent=&#8221;100%&#8221; global_colors_info=&#8221;{}&#8221;][et_pb_column type=&#8221;2_3&#8243; _builder_version=&#8221;4.23.1&#8243; custom_padding=&#8221;12vw|40px|12vw|40px&#8221; custom_padding_tablet=&#8221;|||&#8221; custom_padding_phone=&#8221;|10px||10px||true&#8221; custom_padding_last_edited=&#8221;on|desktop&#8221; global_colors_info=&#8221;{}&#8221; padding_phone=&#8221;|10px||10px||true&#8221; padding_tablet=&#8221;|||&#8221; padding_last_edited=&#8221;on|desktop&#8221; custom_padding__hover=&#8221;|||&#8221;][et_pb_text _builder_version=&#8221;4.22.1&#8243; text_font=&#8221;Lato||||||||&#8221; text_font_size=&#8221;20px&#8221; text_line_height=&#8221;1.8em&#8221; header_font=&#8221;Teko|500||on|||||&#8221; header_font_size=&#8221;9vw&#8221; header_letter_spacing=&#8221;0.05em&#8221; header_line_height=&#8221;0.9em&#8221; background_layout=&#8221;dark&#8221; custom_margin=&#8221;|-10vw|0px|&#8221; custom_margin_tablet=&#8221;|0vw||&#8221; custom_margin_phone=&#8221;|-5vw||&#8221; custom_margin_last_edited=&#8221;on|tablet&#8221; animation_style=&#8221;zoom&#8221; animation_delay=&#8221;100ms&#8221; animation_intensity_zoom=&#8221;10%&#8221; header_font_size_tablet=&#8221;&#8221; header_font_size_phone=&#8221;&#8221; header_font_size_last_edited=&#8221;on|phone&#8221; header_line_height_tablet=&#8221;&#8221; header_line_height_phone=&#8221;1.2em&#8221; header_line_height_last_edited=&#8221;on|phone&#8221; header_text_shadow_style=&#8221;preset1&#8243; header_text_shadow_vertical_length=&#8221;0.18em&#8221; header_text_shadow_blur_strength=&#8221;0.27em&#8221; header_text_shadow_color=&#8221;rgba(0,0,0,0.38)&#8221; global_colors_info=&#8221;{}&#8221;]<\/p>\n<h1>Accesorios<\/h1>\n<p>[\/et_pb_text][et_pb_text _builder_version=&#8221;4.22.1&#8243; text_font=&#8221;Lato||||||||&#8221; text_font_size=&#8221;20px&#8221; text_line_height=&#8221;1.8em&#8221; header_font=&#8221;||||||||&#8221; background_layout=&#8221;dark&#8221; custom_margin=&#8221;|-10vw||10vw&#8221; custom_margin_tablet=&#8221;|0vw||0px&#8221; custom_margin_phone=&#8221;&#8221; custom_margin_last_edited=&#8221;on|desktop&#8221; animation_style=&#8221;slide&#8221; animation_direction=&#8221;left&#8221; animation_intensity_slide=&#8221;10%&#8221; locked=&#8221;off&#8221; global_colors_info=&#8221;{}&#8221;]<\/p>\n<p>Completa a t\u00faa experiencia coa nosa gama de accesorios premium para personalizar e optimizar a t\u00faa motocicleta \u00e1 medida das t\u00faas necesidades.<\/p>\n<p>[\/et_pb_text][et_pb_button button_url=&#8221;#accesorios&#8221; button_text=&#8221;M\u00e1is informaci\u00f3n&#8221; button_alignment=&#8221;right&#8221; _builder_version=&#8221;4.22.1&#8243; custom_button=&#8221;on&#8221; button_bg_color=&#8221;#d51a27&#8243; button_border_width=&#8221;12px&#8221; button_border_color=&#8221;#d51a27&#8243; button_border_radius=&#8221;0px&#8221; button_letter_spacing=&#8221;4px&#8221; button_font=&#8221;Teko|700||on|||||&#8221; button_icon=&#8221;&#x24;||divi||400&#8243; background_layout=&#8221;dark&#8221; custom_margin=&#8221;|||&#8221; animation_style=&#8221;slide&#8221; animation_direction=&#8221;left&#8221; animation_delay=&#8221;100ms&#8221; animation_intensity_slide=&#8221;20%&#8221; locked=&#8221;off&#8221; global_colors_info=&#8221;{}&#8221; button_text_size__hover_enabled=&#8221;off&#8221; button_one_text_size__hover_enabled=&#8221;off&#8221; button_two_text_size__hover_enabled=&#8221;off&#8221; button_text_color__hover_enabled=&#8221;off&#8221; button_one_text_color__hover_enabled=&#8221;off&#8221; button_two_text_color__hover_enabled=&#8221;off&#8221; button_border_width__hover_enabled=&#8221;off&#8221; button_one_border_width__hover_enabled=&#8221;off&#8221; button_two_border_width__hover_enabled=&#8221;off&#8221; button_border_color__hover_enabled=&#8221;off&#8221; button_one_border_color__hover_enabled=&#8221;off&#8221; button_two_border_color__hover_enabled=&#8221;off&#8221; button_border_radius__hover_enabled=&#8221;off&#8221; button_one_border_radius__hover_enabled=&#8221;off&#8221; button_two_border_radius__hover_enabled=&#8221;off&#8221; button_letter_spacing__hover_enabled=&#8221;off&#8221; button_one_letter_spacing__hover_enabled=&#8221;off&#8221; button_two_letter_spacing__hover_enabled=&#8221;off&#8221; button_bg_color__hover_enabled=&#8221;off&#8221; button_one_bg_color__hover_enabled=&#8221;off&#8221; button_two_bg_color__hover_enabled=&#8221;off&#8221;][\/et_pb_button][\/et_pb_column][et_pb_column type=&#8221;1_3&#8243; _builder_version=&#8221;4.16&#8243; custom_padding=&#8221;|||&#8221; global_colors_info=&#8221;{}&#8221; custom_padding__hover=&#8221;|||&#8221;][\/et_pb_column][\/et_pb_row][\/et_pb_section][et_pb_section fb_built=&#8221;1&#8243; admin_label=&#8221;Listings&#8221; module_id=&#8221;accesorios&#8221; _builder_version=&#8221;4.22.1&#8243; custom_padding=&#8221;80px|0px|80px|0px|true|false&#8221; global_colors_info=&#8221;{}&#8221;][et_pb_row _builder_version=&#8221;4.16&#8243; module_alignment=&#8221;center&#8221; use_custom_width=&#8221;on&#8221; locked=&#8221;off&#8221; global_colors_info=&#8221;{}&#8221;][et_pb_column type=&#8221;4_4&#8243; _builder_version=&#8221;4.16&#8243; custom_padding=&#8221;|||&#8221; global_colors_info=&#8221;{}&#8221; custom_padding__hover=&#8221;|||&#8221;][et_pb_text _builder_version=&#8221;4.23.1&#8243; text_font=&#8221;Lato||||||||&#8221; text_font_size=&#8221;20px&#8221; text_line_height=&#8221;1.8em&#8221; header_font=&#8221;||||||||&#8221; header_2_font=&#8221;Teko||||||||&#8221; header_2_font_size=&#8221;96px&#8221; text_orientation=&#8221;center&#8221; max_width=&#8221;700px&#8221; module_alignment=&#8221;center&#8221; custom_margin=&#8221;||0px|&#8221; header_2_font_size_tablet=&#8221;66px&#8221; header_2_font_size_phone=&#8221;36px&#8221; header_2_font_size_last_edited=&#8221;on|phone&#8221; global_colors_info=&#8221;{}&#8221;]<\/p>\n<h2>Cascos<\/h2>\n<p>P\u00f3\u00f1ase en contacto connosco para m\u00e1is informaci\u00f3n<\/p>\n<p>[\/et_pb_text][\/et_pb_column][\/et_pb_row][et_pb_row column_structure=&#8221;1_4,1_4,1_4,1_4&#8243; admin_label=&#8221;Zona de tendas&#8221; module_class=&#8221; et_pb_row_fullwidth&#8221; _builder_version=&#8221;4.22.1&#8243; width=&#8221;89%&#8221; width_tablet=&#8221;80%&#8221; width_phone=&#8221;&#8221; width_last_edited=&#8221;on|desktop&#8221; max_width=&#8221;89%&#8221; max_width_tablet=&#8221;80%&#8221; max_width_phone=&#8221;&#8221; max_width_last_edited=&#8221;on|desktop&#8221; custom_margin=&#8221;|||&#8221; custom_padding=&#8221;|||&#8221; make_fullwidth=&#8221;on&#8221; global_colors_info=&#8221;{}&#8221;][et_pb_column type=&#8221;1_4&#8243; _builder_version=&#8221;4.16&#8243; custom_padding=&#8221;|||&#8221; global_colors_info=&#8221;{}&#8221; custom_padding__hover=&#8221;|||&#8221;][et_pb_blurb title=&#8221;Casco Jet Unik Astro&#8221; image=&#8221;https:\/\/motoslorga.es\/wp-content\/uploads\/2023\/11\/casco-jet-unik-astro.jpg&#8221; _builder_version=&#8221;4.23.1&#8243; header_font=&#8221;Teko|700||on|||||&#8221; header_font_size=&#8221;26px&#8221; header_letter_spacing=&#8221;2px&#8221; body_font=&#8221;Teko||||||||&#8221; body_text_color=&#8221;#c10f1b&#8221; body_font_size=&#8221;26px&#8221; body_line_height=&#8221;1.8em&#8221; text_orientation=&#8221;center&#8221; custom_margin=&#8221;||0px|&#8221; custom_padding=&#8221;|||&#8221; animation=&#8221;off&#8221; hover_enabled=&#8221;0&#8243; locked=&#8221;off&#8221; global_colors_info=&#8221;{}&#8221; title_text=&#8221;Casco Jet Unik Astro&#8221; sticky_enabled=&#8221;0&#8243;][\/et_pb_blurb][et_pb_toggle title=&#8221;Detalles&#8221; open_toggle_background_color=&#8221;rgba(0,0,0,0.02)&#8221; closed_toggle_background_color=&#8221;rgba(0,0,0,0.02)&#8221; _builder_version=&#8221;4.23.1&#8243; title_font=&#8221;|600||on|||||&#8221; title_font_size=&#8221;12px&#8221; title_letter_spacing=&#8221;1px&#8221; body_font=&#8221;||||||||&#8221; body_line_height=&#8221;2em&#8221; text_orientation=&#8221;left&#8221; max_width=&#8221;400px&#8221; module_alignment=&#8221;center&#8221; custom_padding=&#8221;11px||11px||true&#8221; border_width_all=&#8221;0px&#8221; global_colors_info=&#8221;{}&#8221;]<\/p>\n<ul>\n<li>Material: Policarbonato<\/li>\n<li>4 tomas de aire<\/li>\n<li>Correa con peche microm\u00e9trico<\/li>\n<li>Pantalla intercambiable<\/li>\n<li>Interior extra\u00edble e lavable<\/li>\n<li>Dispo\u00f1ible en 2 cunchas<\/li>\n<li>Aprobaci\u00f3n ECE 22.06<\/li>\n<\/ul>\n<p>[\/et_pb_toggle][\/et_pb_column][et_pb_column type=&#8221;1_4&#8243; _builder_version=&#8221;4.16&#8243; custom_padding=&#8221;|||&#8221; global_colors_info=&#8221;{}&#8221; custom_padding__hover=&#8221;|||&#8221;][et_pb_blurb title=&#8221;Casco Jet Unik con gafas de sol Mercury DV&#8221; image=&#8221;https:\/\/motoslorga.es\/wp-content\/uploads\/2023\/11\/casco-jet-uni-con-gafa.jpg&#8221; _builder_version=&#8221;4.23.1&#8243; header_font=&#8221;Teko|700||on|||||&#8221; header_font_size=&#8221;26px&#8221; header_letter_spacing=&#8221;2px&#8221; body_font=&#8221;Teko||||||||&#8221; body_text_color=&#8221;#c10f1b&#8221; body_font_size=&#8221;26px&#8221; body_line_height=&#8221;1.8em&#8221; text_orientation=&#8221;center&#8221; custom_margin=&#8221;||0px|&#8221; custom_padding=&#8221;|||&#8221; animation=&#8221;off&#8221; hover_enabled=&#8221;0&#8243; locked=&#8221;off&#8221; global_colors_info=&#8221;{}&#8221; title_text=&#8221;Casco Jet Unik Gafa&#8221; sticky_enabled=&#8221;0&#8243;][\/et_pb_blurb][et_pb_toggle title=&#8221;Detalles&#8221; open_toggle_background_color=&#8221;rgba(0,0,0,0.02)&#8221; closed_toggle_background_color=&#8221;rgba(0,0,0,0.02)&#8221; _builder_version=&#8221;4.23.1&#8243; title_font=&#8221;|600||on|||||&#8221; title_font_size=&#8221;12px&#8221; title_letter_spacing=&#8221;1px&#8221; body_font=&#8221;||||||||&#8221; body_line_height=&#8221;2em&#8221; text_orientation=&#8221;left&#8221; max_width=&#8221;400px&#8221; module_alignment=&#8221;center&#8221; custom_padding=&#8221;11px||11px||true&#8221; border_width_all=&#8221;0px&#8221; global_colors_info=&#8221;{}&#8221;]<\/p>\n<ul>\n<li>Material: Policarbonato<\/li>\n<li>4 tomas de aire<\/li>\n<li>Gafas solares interiores<\/li>\n<li>Correa con peche microm\u00e9trico<\/li>\n<li>Pantalla intercambiable<\/li>\n<li>Interior extra\u00edble e lavable<\/li>\n<li>Dispo\u00f1ible en 1 carcasa<\/li>\n<li>Aprobaci\u00f3n ECE 22.06<\/li>\n<\/ul>\n<p>[\/et_pb_toggle][\/et_pb_column][et_pb_column type=&#8221;1_4&#8243; _builder_version=&#8221;4.16&#8243; custom_padding=&#8221;|||&#8221; global_colors_info=&#8221;{}&#8221; custom_padding__hover=&#8221;|||&#8221;][et_pb_blurb title=&#8221;Casco integral Unik Vesta&#8221; image=&#8221;https:\/\/motoslorga.es\/wp-content\/uploads\/2023\/11\/casco-integral-unik-vesta-negro-mate-talla-l-59-60.jpg&#8221; _builder_version=&#8221;4.23.1&#8243; header_font=&#8221;Teko|700||on|||||&#8221; header_font_size=&#8221;26px&#8221; header_letter_spacing=&#8221;2px&#8221; body_font=&#8221;Teko||||||||&#8221; body_text_color=&#8221;#c10f1b&#8221; body_font_size=&#8221;26px&#8221; body_line_height=&#8221;1.8em&#8221; text_orientation=&#8221;center&#8221; custom_margin=&#8221;||0px|&#8221; custom_padding=&#8221;|||&#8221; animation=&#8221;off&#8221; locked=&#8221;off&#8221; global_colors_info=&#8221;{}&#8221;][\/et_pb_blurb][et_pb_toggle title=&#8221;Detalles&#8221; open_toggle_background_color=&#8221;rgba(0,0,0,0.02)&#8221; closed_toggle_background_color=&#8221;rgba(0,0,0,0.02)&#8221; _builder_version=&#8221;4.23.1&#8243; title_font=&#8221;|600||on|||||&#8221; title_font_size=&#8221;12px&#8221; title_letter_spacing=&#8221;1px&#8221; body_font=&#8221;||||||||&#8221; body_line_height=&#8221;2em&#8221; text_orientation=&#8221;left&#8221; max_width=&#8221;400px&#8221; module_alignment=&#8221;center&#8221; custom_padding=&#8221;11px||11px||true&#8221; border_width_all=&#8221;0px&#8221; global_colors_info=&#8221;{}&#8221;]<\/p>\n<ul>\n<li>Material: Policarbonato<\/li>\n<li>4 tomas de aire<\/li>\n<li>Correa con peche microm\u00e9trico<\/li>\n<li>Pantalla intercambiable<\/li>\n<li>Interior extra\u00edble e lavable<\/li>\n<li>Dispo\u00f1ible en 1 carcasa<\/li>\n<li>Aprobaci\u00f3n ECE 22.06<\/li>\n<\/ul>\n<p>[\/et_pb_toggle][\/et_pb_column][et_pb_column type=&#8221;1_4&#8243; _builder_version=&#8221;4.16&#8243; custom_padding=&#8221;|||&#8221; global_colors_info=&#8221;{}&#8221; custom_padding__hover=&#8221;|||&#8221;][et_pb_blurb title=&#8221;Casco modular Unik con gafas solares comet DV&#8221; image=&#8221;https:\/\/motoslorga.es\/wp-content\/uploads\/2023\/11\/casco-modular-unik-con-gafa-solar-comet-dv-u-04-azul-ce-negro-mate-talla-l-59-60.png&#8221; _builder_version=&#8221;4.23.1&#8243; header_font=&#8221;Teko|700||on|||||&#8221; header_font_size=&#8221;26px&#8221; header_letter_spacing=&#8221;2px&#8221; body_font=&#8221;Teko||||||||&#8221; body_text_color=&#8221;#c10f1b&#8221; body_font_size=&#8221;26px&#8221; body_line_height=&#8221;1.8em&#8221; text_orientation=&#8221;center&#8221; custom_margin=&#8221;||0px|&#8221; custom_padding=&#8221;|||&#8221; animation=&#8221;off&#8221; locked=&#8221;off&#8221; global_colors_info=&#8221;{}&#8221;][\/et_pb_blurb][et_pb_toggle title=&#8221;Detalles&#8221; open_toggle_background_color=&#8221;rgba(0,0,0,0.02)&#8221; closed_toggle_background_color=&#8221;rgba(0,0,0,0.02)&#8221; _builder_version=&#8221;4.23.1&#8243; title_font=&#8221;|600||on|||||&#8221; title_font_size=&#8221;12px&#8221; title_letter_spacing=&#8221;1px&#8221; body_font=&#8221;||||||||&#8221; body_line_height=&#8221;2em&#8221; text_orientation=&#8221;left&#8221; max_width=&#8221;400px&#8221; module_alignment=&#8221;center&#8221; custom_padding=&#8221;11px||11px||true&#8221; border_width_all=&#8221;0px&#8221; global_colors_info=&#8221;{}&#8221;]<\/p>\n<ul>\n<li>Material: Policarbonato<\/li>\n<li>3 tomas de aire<\/li>\n<li>Correa con peche microm\u00e9trico<\/li>\n<li>Pantalla intercambiable<\/li>\n<li>Interior extra\u00edble e lavable<\/li>\n<li>Dispo\u00f1ible en 1 carcasa<\/li>\n<li>Pantalla antivaho<\/li>\n<li>Aprobaci\u00f3n ECE 22.06<\/li>\n<\/ul>\n<p>[\/et_pb_toggle][\/et_pb_column][\/et_pb_row][\/et_pb_section][et_pb_section fb_built=&#8221;1&#8243; admin_label=&#8221;Listings&#8221; module_id=&#8221;accesorios&#8221; _builder_version=&#8221;4.23.1&#8243; custom_padding=&#8221;|0px|80px|0px|false|false&#8221; global_colors_info=&#8221;{}&#8221;][et_pb_row _builder_version=&#8221;4.16&#8243; module_alignment=&#8221;center&#8221; use_custom_width=&#8221;on&#8221; locked=&#8221;off&#8221; global_colors_info=&#8221;{}&#8221;][et_pb_column type=&#8221;4_4&#8243; _builder_version=&#8221;4.16&#8243; custom_padding=&#8221;|||&#8221; global_colors_info=&#8221;{}&#8221; custom_padding__hover=&#8221;|||&#8221;][et_pb_text _builder_version=&#8221;4.23.1&#8243; text_font=&#8221;Lato||||||||&#8221; text_font_size=&#8221;20px&#8221; text_line_height=&#8221;1.8em&#8221; header_font=&#8221;||||||||&#8221; header_2_font=&#8221;Teko||||||||&#8221; header_2_font_size=&#8221;96px&#8221; text_orientation=&#8221;center&#8221; max_width=&#8221;700px&#8221; module_alignment=&#8221;center&#8221; custom_margin=&#8221;||0px|&#8221; header_2_font_size_tablet=&#8221;66px&#8221; header_2_font_size_phone=&#8221;36px&#8221; header_2_font_size_last_edited=&#8221;on|phone&#8221; global_colors_info=&#8221;{}&#8221;]<\/p>\n<h2>Maletas<\/h2>\n<p>P\u00f3\u00f1ase en contacto connosco para m\u00e1is informaci\u00f3n<\/p>\n<p>[\/et_pb_text][\/et_pb_column][\/et_pb_row][et_pb_row column_structure=&#8221;1_4,1_4,1_4,1_4&#8243; admin_label=&#8221;Zona de tendas&#8221; module_class=&#8221; et_pb_row_fullwidth&#8221; _builder_version=&#8221;4.22.1&#8243; width=&#8221;89%&#8221; width_tablet=&#8221;80%&#8221; width_phone=&#8221;&#8221; width_last_edited=&#8221;on|desktop&#8221; max_width=&#8221;89%&#8221; max_width_tablet=&#8221;80%&#8221; max_width_phone=&#8221;&#8221; max_width_last_edited=&#8221;on|desktop&#8221; custom_margin=&#8221;|||&#8221; custom_padding=&#8221;|||&#8221; make_fullwidth=&#8221;on&#8221; global_colors_info=&#8221;{}&#8221;][et_pb_column type=&#8221;1_4&#8243; _builder_version=&#8221;4.16&#8243; custom_padding=&#8221;|||&#8221; global_colors_info=&#8221;{}&#8221; custom_padding__hover=&#8221;|||&#8221;][et_pb_blurb title=&#8221;SH59X&#8221; image=&#8221;https:\/\/motoslorga.es\/wp-content\/uploads\/2023\/11\/SH59X.jpg&#8221; _builder_version=&#8221;4.23.1&#8243; header_font=&#8221;Teko|700||on|||||&#8221; header_font_size=&#8221;26px&#8221; header_letter_spacing=&#8221;2px&#8221; body_font=&#8221;Teko||||||||&#8221; body_text_color=&#8221;#c10f1b&#8221; body_font_size=&#8221;26px&#8221; body_line_height=&#8221;1.8em&#8221; text_orientation=&#8221;center&#8221; custom_margin=&#8221;||0px|&#8221; custom_padding=&#8221;|||&#8221; animation=&#8221;off&#8221; locked=&#8221;off&#8221; global_colors_info=&#8221;{}&#8221;][\/et_pb_blurb][et_pb_toggle title=&#8221;Detalles&#8221; open_toggle_background_color=&#8221;rgba(0,0,0,0.02)&#8221; closed_toggle_background_color=&#8221;rgba(0,0,0,0.02)&#8221; _builder_version=&#8221;4.23.1&#8243; title_font=&#8221;|600||on|||||&#8221; title_font_size=&#8221;12px&#8221; title_letter_spacing=&#8221;1px&#8221; body_font=&#8221;||||||||&#8221; body_line_height=&#8221;2em&#8221; text_orientation=&#8221;left&#8221; max_width=&#8221;400px&#8221; module_alignment=&#8221;center&#8221; custom_padding=&#8221;11px||11px||true&#8221; border_width_all=&#8221;0px&#8221; global_colors_info=&#8221;{}&#8221;]<\/p>\n<ul>\n<li>Carga m\u00e1xima: 10 kg\/58 L<\/li>\n<li>Placa D1B48PA inclu\u00edda<\/li>\n<li>Respaldo opcional como accesorio<\/li>\n<li>Luz de freo opcional como accesorio<\/li>\n<li>Sistema de bloqueo intelixente premium<\/li>\n<li>Resistente ao impacto<\/li>\n<li>Bolsa interna opcional como accesorio<\/li>\n<li>Dese\u00f1ado en Barcelona<\/li>\n<li>Correas de compresi\u00f3n<\/li>\n<li>Capacidade: 2 cascos de trail<\/li>\n<li>Maleta extensible<\/li>\n<li>Medidas: ancho 61 | alto 27 | inferior 48<\/li>\n<\/ul>\n<p>[\/et_pb_toggle][\/et_pb_column][et_pb_column type=&#8221;1_4&#8243; _builder_version=&#8221;4.16&#8243; custom_padding=&#8221;|||&#8221; global_colors_info=&#8221;{}&#8221; custom_padding__hover=&#8221;|||&#8221;][et_pb_blurb title=&#8221;SH58X&#8221; image=&#8221;https:\/\/motoslorga.es\/wp-content\/uploads\/2023\/11\/Maleta-SH58X.jpg&#8221; _builder_version=&#8221;4.23.1&#8243; header_font=&#8221;Teko|700||on|||||&#8221; header_font_size=&#8221;26px&#8221; header_letter_spacing=&#8221;2px&#8221; body_font=&#8221;Teko||||||||&#8221; body_text_color=&#8221;#c10f1b&#8221; body_font_size=&#8221;26px&#8221; body_line_height=&#8221;1.8em&#8221; text_orientation=&#8221;center&#8221; custom_margin=&#8221;||0px|&#8221; custom_padding=&#8221;|||&#8221; animation=&#8221;off&#8221; locked=&#8221;off&#8221; global_colors_info=&#8221;{}&#8221;][\/et_pb_blurb][et_pb_toggle title=&#8221;Detalles&#8221; open_toggle_background_color=&#8221;rgba(0,0,0,0.02)&#8221; closed_toggle_background_color=&#8221;rgba(0,0,0,0.02)&#8221; _builder_version=&#8221;4.23.1&#8243; title_font=&#8221;|600||on|||||&#8221; title_font_size=&#8221;12px&#8221; title_letter_spacing=&#8221;1px&#8221; body_font=&#8221;||||||||&#8221; body_line_height=&#8221;2em&#8221; text_orientation=&#8221;left&#8221; max_width=&#8221;400px&#8221; module_alignment=&#8221;center&#8221; custom_padding=&#8221;11px||11px||true&#8221; border_width_all=&#8221;0px&#8221; global_colors_info=&#8221;{}&#8221;]<\/p>\n<ul>\n<li>Carga m\u00e1xima: 10 kg\/58 L<\/li>\n<li>Placa D1B48PA inclu\u00edda<\/li>\n<li>Respaldo opcional como accesorio<\/li>\n<li>Luz de freo opcional como accesorio<\/li>\n<li>Sistema de bloqueo intelixente premium<\/li>\n<li>Resistente ao impacto<\/li>\n<li>Bolsa interna opcional como accesorio<\/li>\n<li>Dese\u00f1ado en Barcelona<\/li>\n<li>Correas de compresi\u00f3n<\/li>\n<li>Capacidade: 2 cascos de trail<\/li>\n<li>Maleta extensible<\/li>\n<li>Medidas: ancho 61 | alto 27 | inferior 48<\/li>\n<\/ul>\n<p>[\/et_pb_toggle][\/et_pb_column][et_pb_column type=&#8221;1_4&#8243; _builder_version=&#8221;4.16&#8243; custom_padding=&#8221;|||&#8221; global_colors_info=&#8221;{}&#8221; custom_padding__hover=&#8221;|||&#8221;][et_pb_blurb title=&#8221;SH50&#8243; image=&#8221;https:\/\/motoslorga.es\/wp-content\/uploads\/2023\/11\/Maleta-SH50.jpg&#8221; _builder_version=&#8221;4.23.1&#8243; header_font=&#8221;Teko|700||on|||||&#8221; header_font_size=&#8221;26px&#8221; header_letter_spacing=&#8221;2px&#8221; body_font=&#8221;Teko||||||||&#8221; body_text_color=&#8221;#c10f1b&#8221; body_font_size=&#8221;26px&#8221; body_line_height=&#8221;1.8em&#8221; text_orientation=&#8221;center&#8221; custom_margin=&#8221;||0px|&#8221; custom_padding=&#8221;|||&#8221; animation=&#8221;off&#8221; locked=&#8221;off&#8221; global_colors_info=&#8221;{}&#8221;][\/et_pb_blurb][et_pb_toggle title=&#8221;Detalles&#8221; open_toggle_background_color=&#8221;rgba(0,0,0,0.02)&#8221; closed_toggle_background_color=&#8221;rgba(0,0,0,0.02)&#8221; _builder_version=&#8221;4.23.1&#8243; title_font=&#8221;|600||on|||||&#8221; title_font_size=&#8221;12px&#8221; title_letter_spacing=&#8221;1px&#8221; body_font=&#8221;||||||||&#8221; body_line_height=&#8221;2em&#8221; text_orientation=&#8221;left&#8221; max_width=&#8221;400px&#8221; module_alignment=&#8221;center&#8221; custom_padding=&#8221;11px||11px||true&#8221; border_width_all=&#8221;0px&#8221; global_colors_info=&#8221;{}&#8221;]<\/p>\n<ul>\n<li>Carga m\u00e1xima: 8<\/li>\n<li>Placa D1B48PA inclu\u00edda<\/li>\n<li>Copia de seguranza inclu\u00edda<\/li>\n<li>Resistente ao impacto<\/li>\n<li>Bolsa interna opcional como accesorio<\/li>\n<li>Dese\u00f1ado en Barcelona<\/li>\n<li>Parrilla superior opcional como accesorio<\/li>\n<li>Capacidade: 2 cascos integrales<\/li>\n<li>Medidas: ancho 60 | alto 32 | fondo 46<\/li>\n<\/ul>\n<p>[\/et_pb_toggle][\/et_pb_column][et_pb_column type=&#8221;1_4&#8243; _builder_version=&#8221;4.16&#8243; custom_padding=&#8221;|||&#8221; global_colors_info=&#8221;{}&#8221; custom_padding__hover=&#8221;|||&#8221;][et_pb_blurb title=&#8221;SH47 branco&#8221; image=&#8221;https:\/\/motoslorga.es\/wp-content\/uploads\/2023\/11\/Maleta-SH47-blanco.jpg&#8221; _builder_version=&#8221;4.23.1&#8243; header_font=&#8221;Teko|700||on|||||&#8221; header_font_size=&#8221;26px&#8221; header_letter_spacing=&#8221;2px&#8221; body_font=&#8221;Teko||||||||&#8221; body_text_color=&#8221;#c10f1b&#8221; body_font_size=&#8221;26px&#8221; body_line_height=&#8221;1.8em&#8221; text_orientation=&#8221;center&#8221; custom_margin=&#8221;||0px|&#8221; custom_padding=&#8221;|||&#8221; animation=&#8221;off&#8221; locked=&#8221;off&#8221; global_colors_info=&#8221;{}&#8221;][\/et_pb_blurb][et_pb_toggle title=&#8221;Detalles&#8221; open_toggle_background_color=&#8221;rgba(0,0,0,0.02)&#8221; closed_toggle_background_color=&#8221;rgba(0,0,0,0.02)&#8221; _builder_version=&#8221;4.23.1&#8243; title_font=&#8221;|600||on|||||&#8221; title_font_size=&#8221;12px&#8221; title_letter_spacing=&#8221;1px&#8221; body_font=&#8221;||||||||&#8221; body_line_height=&#8221;2em&#8221; text_orientation=&#8221;left&#8221; max_width=&#8221;400px&#8221; module_alignment=&#8221;center&#8221; custom_padding=&#8221;11px||11px||true&#8221; border_width_all=&#8221;0px&#8221; global_colors_info=&#8221;{}&#8221;]<\/p>\n<ul>\n<li>Carga m\u00e1xima: 6<\/li>\n<li>Placa D1B48PA inclu\u00edda<\/li>\n<li>Respaldo opcional como accesorio<\/li>\n<li>Resistente ao impacto<\/li>\n<li>Sistema de bloqueo seguro<\/li>\n<li>Dese\u00f1ado en Barcelona<\/li>\n<li>Capacidade: 2 cascos integrales<\/li>\n<li>Medidas: ancho 57,5 \u200b\u200b| alto 31,2 | fondo 42<\/li>\n<\/ul>\n<p>[\/et_pb_toggle][\/et_pb_column][\/et_pb_row][\/et_pb_section][et_pb_section fb_built=&#8221;1&#8243; make_equal=&#8221;on&#8221; use_custom_gutter=&#8221;on&#8221; gutter_width=&#8221;1&#8243; specialty=&#8221;on&#8221; next_background_color=&#8221;#ffffff&#8221; background_color_2=&#8221;#c10f1b&#8221; padding_top_1=&#8221;150px&#8221; padding_top_2=&#8221;150px&#8221; padding_right_1=&#8221;60px&#8221; padding_right_2=&#8221;10%&#8221; padding_bottom_1=&#8221;150px&#8221; padding_bottom_2=&#8221;150px&#8221; padding_left_1=&#8221;10%&#8221; padding_left_2=&#8221;60px&#8221; padding_top_bottom_link_1=&#8221;true&#8221; padding_top_bottom_link_2=&#8221;true&#8221; padding_1_tablet=&#8221;|0%||0%||true&#8221; padding_2_tablet=&#8221;40px|10%|100px|10%||true&#8221; padding_1_phone=&#8221;|||15px|false|false&#8221; padding_2_phone=&#8221;&#8221; padding_1_last_edited=&#8221;on|desktop&#8221; padding_2_last_edited=&#8221;on|desktop&#8221; admin_label=&#8221;Footer&#8221; module_id=&#8221;contacto&#8221; module_class=&#8221; et_pb_specialty_fullwidth&#8221; _builder_version=&#8221;4.21.0&#8243; use_background_color_gradient=&#8221;on&#8221; background_color_gradient_stops=&#8221;rgba(24,30,36,0.9) 0%|rgba(213,26,39,0.69) 100%&#8221; background_color_gradient_overlays_image=&#8221;on&#8221; background_color_gradient_start=&#8221;rgba(24,30,36,0.9)&#8221; background_color_gradient_end=&#8221;rgba(213,26,39,0.69)&#8221; background_image=&#8221;https:\/\/motoslorga.es\/wp-content\/uploads\/2023\/07\/dune-x-action-front.jpg&#8221; inner_width=&#8221;100%&#8221; inner_width_tablet=&#8221;100%&#8221; inner_width_phone=&#8221;100%&#8221; inner_width_last_edited=&#8221;on|desktop&#8221; inner_max_width=&#8221;100%&#8221; inner_max_width_tablet=&#8221;100%&#8221; inner_max_width_phone=&#8221;100%&#8221; inner_max_width_last_edited=&#8221;on|desktop&#8221; custom_padding=&#8221;0px||0px||true&#8221; bottom_divider_style=&#8221;arrow&#8221; bottom_divider_arrangement=&#8221;above_content&#8221; animation_style=&#8221;slide&#8221; animation_direction=&#8221;bottom&#8221; animation_intensity_slide=&#8221;4%&#8221; animation_starting_opacity=&#8221;100%&#8221; box_shadow_style=&#8221;preset7&#8243; box_shadow_horizontal=&#8221;0px&#8221; box_shadow_vertical=&#8221;80px&#8221; box_shadow_color=&#8221;#ffffff&#8221; make_fullwidth=&#8221;on&#8221; global_module=&#8221;35&#8243; saved_tabs=&#8221;all&#8221; global_colors_info=&#8221;{}&#8221;][et_pb_column type=&#8221;1_2&#8243; specialty_columns=&#8221;2&#8243; _builder_version=&#8221;4.16&#8243; custom_padding=&#8221;|||&#8221; global_colors_info=&#8221;{}&#8221; padding_tablet=&#8221;|0%||0%||true&#8221; padding_last_edited=&#8221;on|desktop&#8221; custom_padding__hover=&#8221;|||&#8221; padding_phone=&#8221;|0%||0%||true&#8221;][et_pb_row_inner _builder_version=&#8221;4.16&#8243; custom_padding=&#8221;0|0px|0|0px|true|false&#8221; global_colors_info=&#8221;{}&#8221;][et_pb_column_inner saved_specialty_column_type=&#8221;1_2&#8243; _builder_version=&#8221;4.16&#8243; custom_padding=&#8221;|||&#8221; global_colors_info=&#8221;{}&#8221; custom_padding__hover=&#8221;|||&#8221;][et_pb_text _builder_version=&#8221;4.21.2&#8243; text_font=&#8221;Lato||||||||&#8221; text_font_size=&#8221;22px&#8221; text_line_height=&#8221;1.8em&#8221; header_font=&#8221;||||||||&#8221; header_2_font=&#8221;||||||||&#8221; header_2_font_size=&#8221;96px&#8221; background_layout=&#8221;dark&#8221; custom_margin=&#8221;|||&#8221; header_2_font_size_tablet=&#8221;66px&#8221; header_2_font_size_phone=&#8221;36px&#8221; header_2_font_size_last_edited=&#8221;on|phone&#8221; locked=&#8221;off&#8221; global_colors_info=&#8221;{}&#8221;]<\/p>\n<h2>Contacto<\/h2>\n<p>[\/et_pb_text][et_pb_text _builder_version=&#8221;4.22.1&#8243; text_font=&#8221;Teko|500|||||||&#8221; text_font_size=&#8221;40px&#8221; text_line_height=&#8221;2em&#8221; background_layout=&#8221;dark&#8221; custom_margin=&#8221;|||&#8221; locked=&#8221;off&#8221; global_colors_info=&#8221;{}&#8221;]<\/p>\n<p>881 991 441<\/p>\n<p>[\/et_pb_text][\/et_pb_column_inner][\/et_pb_row_inner][et_pb_row_inner column_structure=&#8221;1_2,1_2&#8243; use_custom_gutter=&#8221;on&#8221; gutter_width=&#8221;2&#8243; _builder_version=&#8221;4.16&#8243; global_colors_info=&#8221;{}&#8221;][et_pb_column_inner type=&#8221;1_2&#8243; saved_specialty_column_type=&#8221;1_2&#8243; _builder_version=&#8221;4.16&#8243; custom_padding=&#8221;|||&#8221; global_colors_info=&#8221;{}&#8221; custom_padding__hover=&#8221;|||&#8221;][et_pb_text _builder_version=&#8221;4.22.1&#8243; text_font=&#8221;Lato||||||||&#8221; text_font_size=&#8221;18px&#8221; text_line_height=&#8221;1.8em&#8221; header_font=&#8221;||||||||&#8221; header_4_font=&#8221;|500|||||||&#8221; header_4_font_size=&#8221;22px&#8221; background_layout=&#8221;dark&#8221; custom_margin=&#8221;|||&#8221; locked=&#8221;off&#8221; global_colors_info=&#8221;{}&#8221;]<\/p>\n<h4>Lugar Exposici\u00f3n<\/h4>\n<p><span>Avda. de H\u00e9rcules 70 Baixo<\/span><br \/> <span>15002 A Coru\u00f1a<\/span><\/p>\n<p>[\/et_pb_text][et_pb_text _builder_version=&#8221;4.21.2&#8243; text_font=&#8221;Lato||||||||&#8221; text_font_size=&#8221;18px&#8221; text_line_height=&#8221;1.8em&#8221; header_font=&#8221;||||||||&#8221; header_4_font=&#8221;|500|||||||&#8221; header_4_font_size=&#8221;22px&#8221; background_layout=&#8221;dark&#8221; custom_margin=&#8221;|||&#8221; locked=&#8221;off&#8221; global_colors_info=&#8221;{}&#8221;]<\/p>\n<h4>Correo electr\u00f3nico<\/h4>\n<p>info@motoslorga.es<\/p>\n<p>[\/et_pb_text][\/et_pb_column_inner][et_pb_column_inner type=&#8221;1_2&#8243; saved_specialty_column_type=&#8221;1_2&#8243; _builder_version=&#8221;4.16&#8243; custom_padding=&#8221;|||&#8221; global_colors_info=&#8221;{}&#8221; custom_padding__hover=&#8221;|||&#8221;][et_pb_text _builder_version=&#8221;4.22.1&#8243; text_font=&#8221;Lato||||||||&#8221; text_font_size=&#8221;18px&#8221; text_line_height=&#8221;1.8em&#8221; header_font=&#8221;||||||||&#8221; header_4_font=&#8221;Teko|500|||||||&#8221; header_4_font_size=&#8221;22px&#8221; background_layout=&#8221;dark&#8221; custom_margin=&#8221;|||&#8221; locked=&#8221;off&#8221; global_colors_info=&#8221;{}&#8221;]<\/p>\n<h4>Lugar do taller<\/h4>\n<p>C\/ Forcarey 29, Baixo<br \/>15002 A Coru\u00f1a<\/p>\n<p>[\/et_pb_text][\/et_pb_column_inner][\/et_pb_row_inner][et_pb_row_inner _builder_version=&#8221;4.23.1&#8243; _module_preset=&#8221;default&#8221; global_colors_info=&#8221;{}&#8221;][et_pb_column_inner saved_specialty_column_type=&#8221;1_2&#8243; _builder_version=&#8221;4.23.1&#8243; _module_preset=&#8221;default&#8221; global_colors_info=&#8221;{}&#8221;][et_pb_image src=&#8221;https:\/\/motoslorga.es\/wp-content\/uploads\/2023\/07\/Kit-digital.png&#8221; title_text=&#8221;Kit Dixital&#8221; _builder_version=&#8221;4.23.1&#8243; _module_preset=&#8221;default&#8221; global_colors_info=&#8221;{}&#8221;][\/et_pb_image][et_pb_text _builder_version=&#8221;4.23.1&#8243; _module_preset=&#8221;default&#8221; text_font=&#8221;|300||on|||||&#8221; text_text_color=&#8221;#FFFFFF&#8221; text_font_size=&#8221;10px&#8221; text_letter_spacing=&#8221;1px&#8221; global_colors_info=&#8221;{}&#8221;]<\/p>\n<p><span style=\"color: #ffffff;\"><a href=\"https:\/\/artismedia.es\" target=\"_blank\" rel=\"noopener\" style=\"color: #ffffff;\">Dese\u00f1o web ArtisMedia<\/a> | <a href=\"https:\/\/motoslorga.es\/politica-de-privacidad\" style=\"color: #ffffff;\">Pol\u00edtica de privacidade<\/a> &#8211; <a href=\"https:\/\/motoslorga.es\/aviso-legal\/\" style=\"color: #ffffff;\">Aviso legal<\/a> &#8211; <a href=\"https:\/\/motoslorga.es\/politica-de-cookies\/\" style=\"color: #ffffff;\">Pol\u00edtica de cookies<\/a><\/span><\/p>\n<p>[\/et_pb_text][\/et_pb_column_inner][\/et_pb_row_inner][\/et_pb_column][et_pb_column type=&#8221;1_2&#8243; _builder_version=&#8221;4.16&#8243; background_color=&#8221;#c10f1b&#8221; custom_padding=&#8221;|||&#8221; global_colors_info=&#8221;{}&#8221; padding_tablet=&#8221;40px|10%|100px|10%||true&#8221; padding_last_edited=&#8221;on|desktop&#8221; custom_padding__hover=&#8221;|||&#8221; padding_phone=&#8221;40px|10%|100px|10%||true&#8221;][et_pb_contact_form email=&#8221;info@motoslorga.es&#8221; title=&#8221;Non dubides en contactar connosco e\/ou solicitar unha cita.&#8221; custom_message=&#8221;%%Email%% %%Nombre%% NA %%Mensaje%% DE MOTOCICLETAS LORGA %%Tipo_moto%% |&#8221; submit_button_text=&#8221;Enviar&#8221; module_id=&#8221;et_pb_contact_form_0&#8243; _builder_version=&#8221;4.23.1&#8243; form_field_background_color=&#8221;rgba(0,0,0,0.15)&#8221; form_field_text_color=&#8221;#ffffff&#8221; title_font=&#8221;||||||||&#8221; title_text_color=&#8221;#ffffff&#8221; title_font_size=&#8221;40px&#8221; title_line_height=&#8221;1.2em&#8221; captcha_text_color=&#8221;#FFFFFF&#8221; form_field_font=&#8221;Lato||||||||&#8221; form_field_font_size=&#8221;16px&#8221; custom_button=&#8221;on&#8221; button_text_color=&#8221;#c10f1b&#8221; button_bg_color=&#8221;#ffffff&#8221; button_border_width=&#8221;8px&#8221; button_border_color=&#8221;#ffffff&#8221; button_border_radius=&#8221;0px&#8221; button_letter_spacing=&#8221;4px&#8221; button_font=&#8221;Teko|||on|||||&#8221; button_icon=&#8221;&#x24;||divi||400&#8243; form_background_color=&#8221;rgba(0,0,0,0.15)&#8221; locked=&#8221;off&#8221; global_colors_info=&#8221;{}&#8221;][et_pb_contact_field field_id=&#8221;Nombre&#8221; field_title=&#8221;Nome&#8221; fullwidth_field=&#8221;on&#8221; _builder_version=&#8221;4.21.0&#8243; global_colors_info=&#8221;{}&#8221; button_text_size__hover_enabled=&#8221;off&#8221; button_one_text_size__hover_enabled=&#8221;off&#8221; button_two_text_size__hover_enabled=&#8221;off&#8221; button_text_color__hover_enabled=&#8221;off&#8221; button_one_text_color__hover_enabled=&#8221;off&#8221; button_two_text_color__hover_enabled=&#8221;off&#8221; button_border_width__hover_enabled=&#8221;off&#8221; button_one_border_width__hover_enabled=&#8221;off&#8221; button_two_border_width__hover_enabled=&#8221;off&#8221; button_border_color__hover_enabled=&#8221;off&#8221; button_one_border_color__hover_enabled=&#8221;off&#8221; button_two_border_color__hover_enabled=&#8221;off&#8221; button_border_radius__hover_enabled=&#8221;off&#8221; button_one_border_radius__hover_enabled=&#8221;off&#8221; button_two_border_radius__hover_enabled=&#8221;off&#8221; button_letter_spacing__hover_enabled=&#8221;off&#8221; button_one_letter_spacing__hover_enabled=&#8221;off&#8221; button_two_letter_spacing__hover_enabled=&#8221;off&#8221; button_bg_color__hover_enabled=&#8221;off&#8221; button_one_bg_color__hover_enabled=&#8221;off&#8221; button_two_bg_color__hover_enabled=&#8221;off&#8221;][\/et_pb_contact_field][et_pb_contact_field field_id=&#8221;Email&#8221; field_title=&#8221;Correo electr\u00f3nico&#8221; field_type=&#8221;email&#8221; fullwidth_field=&#8221;on&#8221; _builder_version=&#8221;4.21.0&#8243; global_colors_info=&#8221;{}&#8221; button_text_size__hover_enabled=&#8221;off&#8221; button_one_text_size__hover_enabled=&#8221;off&#8221; button_two_text_size__hover_enabled=&#8221;off&#8221; button_text_color__hover_enabled=&#8221;off&#8221; button_one_text_color__hover_enabled=&#8221;off&#8221; button_two_text_color__hover_enabled=&#8221;off&#8221; button_border_width__hover_enabled=&#8221;off&#8221; button_one_border_width__hover_enabled=&#8221;off&#8221; button_two_border_width__hover_enabled=&#8221;off&#8221; button_border_color__hover_enabled=&#8221;off&#8221; button_one_border_color__hover_enabled=&#8221;off&#8221; button_two_border_color__hover_enabled=&#8221;off&#8221; button_border_radius__hover_enabled=&#8221;off&#8221; button_one_border_radius__hover_enabled=&#8221;off&#8221; button_two_border_radius__hover_enabled=&#8221;off&#8221; button_letter_spacing__hover_enabled=&#8221;off&#8221; button_one_letter_spacing__hover_enabled=&#8221;off&#8221; button_two_letter_spacing__hover_enabled=&#8221;off&#8221; button_bg_color__hover_enabled=&#8221;off&#8221; button_one_bg_color__hover_enabled=&#8221;off&#8221; button_two_bg_color__hover_enabled=&#8221;off&#8221;][\/et_pb_contact_field][et_pb_contact_field field_id=&#8221;Tipo_moto&#8221; field_title=&#8221;Indica a moto que che interesa&#8221; required_mark=&#8221;off&#8221; fullwidth_field=&#8221;on&#8221; _builder_version=&#8221;4.22.1&#8243; global_colors_info=&#8221;{}&#8221; button_text_size__hover_enabled=&#8221;off&#8221; button_one_text_size__hover_enabled=&#8221;off&#8221; button_two_text_size__hover_enabled=&#8221;off&#8221; button_text_color__hover_enabled=&#8221;off&#8221; button_one_text_color__hover_enabled=&#8221;off&#8221; button_two_text_color__hover_enabled=&#8221;off&#8221; button_border_width__hover_enabled=&#8221;off&#8221; button_one_border_width__hover_enabled=&#8221;off&#8221; button_two_border_width__hover_enabled=&#8221;off&#8221; button_border_color__hover_enabled=&#8221;off&#8221; button_one_border_color__hover_enabled=&#8221;off&#8221; button_two_border_color__hover_enabled=&#8221;off&#8221; button_border_radius__hover_enabled=&#8221;off&#8221; button_one_border_radius__hover_enabled=&#8221;off&#8221; button_two_border_radius__hover_enabled=&#8221;off&#8221; button_letter_spacing__hover_enabled=&#8221;off&#8221; button_one_letter_spacing__hover_enabled=&#8221;off&#8221; button_two_letter_spacing__hover_enabled=&#8221;off&#8221; button_bg_color__hover_enabled=&#8221;off&#8221; button_one_bg_color__hover_enabled=&#8221;off&#8221; button_two_bg_color__hover_enabled=&#8221;off&#8221;][\/et_pb_contact_field][et_pb_contact_field field_id=&#8221;Mensaje&#8221; field_title=&#8221;Mensaxe&#8221; field_type=&#8221;text&#8221; fullwidth_field=&#8221;on&#8221; _builder_version=&#8221;4.21.0&#8243; global_colors_info=&#8221;{}&#8221; button_text_size__hover_enabled=&#8221;off&#8221; button_one_text_size__hover_enabled=&#8221;off&#8221; button_two_text_size__hover_enabled=&#8221;off&#8221; button_text_color__hover_enabled=&#8221;off&#8221; button_one_text_color__hover_enabled=&#8221;off&#8221; button_two_text_color__hover_enabled=&#8221;off&#8221; button_border_width__hover_enabled=&#8221;off&#8221; button_one_border_width__hover_enabled=&#8221;off&#8221; button_two_border_width__hover_enabled=&#8221;off&#8221; button_border_color__hover_enabled=&#8221;off&#8221; button_one_border_color__hover_enabled=&#8221;off&#8221; button_two_border_color__hover_enabled=&#8221;off&#8221; button_border_radius__hover_enabled=&#8221;off&#8221; button_one_border_radius__hover_enabled=&#8221;off&#8221; button_two_border_radius__hover_enabled=&#8221;off&#8221; button_letter_spacing__hover_enabled=&#8221;off&#8221; button_one_letter_spacing__hover_enabled=&#8221;off&#8221; button_two_letter_spacing__hover_enabled=&#8221;off&#8221; button_bg_color__hover_enabled=&#8221;off&#8221; button_one_bg_color__hover_enabled=&#8221;off&#8221; button_two_bg_color__hover_enabled=&#8221;off&#8221;][\/et_pb_contact_field][et_pb_contact_field field_id=&#8221;LOPD&#8221; field_title=&#8221;De conformidade co disposto na normativa vixente en materia de protecci\u00f3n de datos, inform\u00e1moslle que os datos que nos facilite ser\u00e1n tratados pola titularidade Vehiculos y Furgonetas Galicia SL co fin de atender e dar resposta \u00e1s solicitudes de contacto, solicitudes de informaci\u00f3n e\/ou consultas recibidas. A lexitimidade do tratamento bas\u00e9ase no consentimento do interesado. Os seus datos non ser\u00e1n comunicados a terceiros salvo obriga legal. Podes exercer os teus dereitos de acceso, rectificaci\u00f3n, supresi\u00f3n, oposici\u00f3n, limitaci\u00f3n e portabilidade enviando un correo electr\u00f3nico a info@vfgalicia.es. Podes consultar informaci\u00f3n detallada na nosa POL\u00cdTICA DE PRIVACIDADE.&#8221; field_type=&#8221;checkbox&#8221; checkbox_options=&#8221;%91{%22value%22:%22Lin e acepto a pol\u00edtica de privacidade%22,%22checked%22:0,%22dragID%22:-1},{%22value%22:%22Acepto o uso dos meus datos para recibir publicidade e prospecci\u00f3n comercial sobre produtos que poidan ser do meu interese.%22,%22checked%22:0,%22dragID%22:0}%93&#8243; fullwidth_field=&#8221;on&#8221; _builder_version=&#8221;4.23.1&#8243; _module_preset=&#8221;default&#8221; form_field_text_color=&#8221;#FFFFFF&#8221; form_field_focus_text_color=&#8221;#FFFFFF&#8221; form_field_font_size=&#8221;11px&#8221; form_field_line_height=&#8221;1.6em&#8221; global_colors_info=&#8221;{}&#8221;][\/et_pb_contact_field][\/et_pb_contact_form][\/et_pb_column][\/et_pb_section]<\/p>\n","protected":false},"excerpt":{"rendered":"<p>AccesoriosCompleta a t\u00faa experiencia coa nosa gama de accesorios premium para personalizar e optimizar a t\u00faa motocicleta \u00e1 medida das t\u00faas necesidades.Cascos P\u00f3\u00f1ase en contacto connosco para m\u00e1is informaci\u00f3n Material: Policarbonato 4 tomas de aire Correa con peche microm\u00e9trico Pantalla intercambiable Interior extra\u00edble e lavable Dispo\u00f1ible en 2 cunchas Aprobaci\u00f3n ECE 22.06 Material: Policarbonato 4 [&hellip;]<\/p>\n","protected":false},"author":1,"featured_media":0,"parent":0,"menu_order":0,"comment_status":"closed","ping_status":"closed","template":"","meta":{"_et_pb_use_builder":"on","_et_pb_old_content":"","_et_gb_content_width":"","footnotes":""},"class_list":["post-1018","page","type-page","status-publish","hentry"],"yoast_head":"<!-- This site is optimized with the Yoast SEO plugin v26.7 - https:\/\/yoast.com\/wordpress\/plugins\/seo\/ -->\n<title>Accesorios - Motos Lorga<\/title>\n<meta name=\"robots\" content=\"index, follow, max-snippet:-1, max-image-preview:large, max-video-preview:-1\" \/>\n<link rel=\"canonical\" href=\"https:\/\/motoslorga.es\/gl\/accesorios\/\" \/>\n<meta property=\"og:locale\" content=\"gl_ES\" \/>\n<meta property=\"og:type\" content=\"article\" \/>\n<meta property=\"og:title\" content=\"Accesorios - Motos Lorga\" \/>\n<meta property=\"og:description\" content=\"AccesoriosCompleta a t\u00faa experiencia coa nosa gama de accesorios premium para personalizar e optimizar a t\u00faa motocicleta \u00e1 medida das t\u00faas necesidades.Cascos P\u00f3\u00f1ase en contacto connosco para m\u00e1is informaci\u00f3n Material: Policarbonato 4 tomas de aire Correa con peche microm\u00e9trico Pantalla intercambiable Interior extra\u00edble e lavable Dispo\u00f1ible en 2 cunchas Aprobaci\u00f3n ECE 22.06 Material: Policarbonato 4 [&hellip;]\" \/>\n<meta property=\"og:url\" content=\"https:\/\/motoslorga.es\/gl\/accesorios\/\" \/>\n<meta property=\"og:site_name\" content=\"Motos Lorga\" \/>\n<meta property=\"article:modified_time\" content=\"2023-12-20T08:07:45+00:00\" \/>\n<meta name=\"twitter:card\" content=\"summary_large_image\" \/>\n<meta name=\"twitter:label1\" content=\"Tempo de lectura\" \/>\n\t<meta name=\"twitter:data1\" content=\"21 minutos\" \/>\n<script type=\"application\/ld+json\" class=\"yoast-schema-graph\">{\"@context\":\"https:\/\/schema.org\",\"@graph\":[{\"@type\":\"WebPage\",\"@id\":\"https:\/\/motoslorga.es\/gl\/accesorios\/\",\"url\":\"https:\/\/motoslorga.es\/gl\/accesorios\/\",\"name\":\"Accesorios - Motos Lorga\",\"isPartOf\":{\"@id\":\"https:\/\/motoslorga.es\/#website\"},\"datePublished\":\"2023-08-24T08:05:40+00:00\",\"dateModified\":\"2023-12-20T08:07:45+00:00\",\"breadcrumb\":{\"@id\":\"https:\/\/motoslorga.es\/gl\/accesorios\/#breadcrumb\"},\"inLanguage\":\"gl-ES\",\"potentialAction\":[{\"@type\":\"ReadAction\",\"target\":[\"https:\/\/motoslorga.es\/gl\/accesorios\/\"]}]},{\"@type\":\"BreadcrumbList\",\"@id\":\"https:\/\/motoslorga.es\/gl\/accesorios\/#breadcrumb\",\"itemListElement\":[{\"@type\":\"ListItem\",\"position\":1,\"name\":\"Portada\",\"item\":\"https:\/\/motoslorga.es\/gl\/inicio\/\"},{\"@type\":\"ListItem\",\"position\":2,\"name\":\"Accesorios\"}]},{\"@type\":\"WebSite\",\"@id\":\"https:\/\/motoslorga.es\/#website\",\"url\":\"https:\/\/motoslorga.es\/\",\"name\":\"Motos Lorga\",\"description\":\"Concesionario l\u00edder de motos en A Coru\u00f1a, ofreciendo una amplia gama de modelos de motos nuevas y de segunda mano. Servicio de atenci\u00f3n al cliente excepcional y opciones de financiaci\u00f3n flexibles\",\"publisher\":{\"@id\":\"https:\/\/motoslorga.es\/#organization\"},\"potentialAction\":[{\"@type\":\"SearchAction\",\"target\":{\"@type\":\"EntryPoint\",\"urlTemplate\":\"https:\/\/motoslorga.es\/?s={search_term_string}\"},\"query-input\":{\"@type\":\"PropertyValueSpecification\",\"valueRequired\":true,\"valueName\":\"search_term_string\"}}],\"inLanguage\":\"gl-ES\"},{\"@type\":\"Organization\",\"@id\":\"https:\/\/motoslorga.es\/#organization\",\"name\":\"Motos Lorga\",\"url\":\"https:\/\/motoslorga.es\/\",\"logo\":{\"@type\":\"ImageObject\",\"inLanguage\":\"gl-ES\",\"@id\":\"https:\/\/motoslorga.es\/#\/schema\/logo\/image\/\",\"url\":\"https:\/\/motoslorga.es\/wp-content\/uploads\/2023\/08\/Motos-Lorga-1.png\",\"contentUrl\":\"https:\/\/motoslorga.es\/wp-content\/uploads\/2023\/08\/Motos-Lorga-1.png\",\"width\":12100,\"height\":1637,\"caption\":\"Motos Lorga\"},\"image\":{\"@id\":\"https:\/\/motoslorga.es\/#\/schema\/logo\/image\/\"}}]}<\/script>\n<!-- \/ Yoast SEO plugin. -->","yoast_head_json":{"title":"Accesorios - Motos Lorga","robots":{"index":"index","follow":"follow","max-snippet":"max-snippet:-1","max-image-preview":"max-image-preview:large","max-video-preview":"max-video-preview:-1"},"canonical":"https:\/\/motoslorga.es\/gl\/accesorios\/","og_locale":"gl_ES","og_type":"article","og_title":"Accesorios - Motos Lorga","og_description":"AccesoriosCompleta a t\u00faa experiencia coa nosa gama de accesorios premium para personalizar e optimizar a t\u00faa motocicleta \u00e1 medida das t\u00faas necesidades.Cascos P\u00f3\u00f1ase en contacto connosco para m\u00e1is informaci\u00f3n Material: Policarbonato 4 tomas de aire Correa con peche microm\u00e9trico Pantalla intercambiable Interior extra\u00edble e lavable Dispo\u00f1ible en 2 cunchas Aprobaci\u00f3n ECE 22.06 Material: Policarbonato 4 [&hellip;]","og_url":"https:\/\/motoslorga.es\/gl\/accesorios\/","og_site_name":"Motos Lorga","article_modified_time":"2023-12-20T08:07:45+00:00","twitter_card":"summary_large_image","twitter_misc":{"Tempo de lectura":"21 minutos"},"schema":{"@context":"https:\/\/schema.org","@graph":[{"@type":"WebPage","@id":"https:\/\/motoslorga.es\/gl\/accesorios\/","url":"https:\/\/motoslorga.es\/gl\/accesorios\/","name":"Accesorios - Motos Lorga","isPartOf":{"@id":"https:\/\/motoslorga.es\/#website"},"datePublished":"2023-08-24T08:05:40+00:00","dateModified":"2023-12-20T08:07:45+00:00","breadcrumb":{"@id":"https:\/\/motoslorga.es\/gl\/accesorios\/#breadcrumb"},"inLanguage":"gl-ES","potentialAction":[{"@type":"ReadAction","target":["https:\/\/motoslorga.es\/gl\/accesorios\/"]}]},{"@type":"BreadcrumbList","@id":"https:\/\/motoslorga.es\/gl\/accesorios\/#breadcrumb","itemListElement":[{"@type":"ListItem","position":1,"name":"Portada","item":"https:\/\/motoslorga.es\/gl\/inicio\/"},{"@type":"ListItem","position":2,"name":"Accesorios"}]},{"@type":"WebSite","@id":"https:\/\/motoslorga.es\/#website","url":"https:\/\/motoslorga.es\/","name":"Motos Lorga","description":"Concesionario l\u00edder de motos en A Coru\u00f1a, ofreciendo una amplia gama de modelos de motos nuevas y de segunda mano. Servicio de atenci\u00f3n al cliente excepcional y opciones de financiaci\u00f3n flexibles","publisher":{"@id":"https:\/\/motoslorga.es\/#organization"},"potentialAction":[{"@type":"SearchAction","target":{"@type":"EntryPoint","urlTemplate":"https:\/\/motoslorga.es\/?s={search_term_string}"},"query-input":{"@type":"PropertyValueSpecification","valueRequired":true,"valueName":"search_term_string"}}],"inLanguage":"gl-ES"},{"@type":"Organization","@id":"https:\/\/motoslorga.es\/#organization","name":"Motos Lorga","url":"https:\/\/motoslorga.es\/","logo":{"@type":"ImageObject","inLanguage":"gl-ES","@id":"https:\/\/motoslorga.es\/#\/schema\/logo\/image\/","url":"https:\/\/motoslorga.es\/wp-content\/uploads\/2023\/08\/Motos-Lorga-1.png","contentUrl":"https:\/\/motoslorga.es\/wp-content\/uploads\/2023\/08\/Motos-Lorga-1.png","width":12100,"height":1637,"caption":"Motos Lorga"},"image":{"@id":"https:\/\/motoslorga.es\/#\/schema\/logo\/image\/"}}]}},"_links":{"self":[{"href":"https:\/\/motoslorga.es\/gl\/wp-json\/wp\/v2\/pages\/1018","targetHints":{"allow":["GET"]}}],"collection":[{"href":"https:\/\/motoslorga.es\/gl\/wp-json\/wp\/v2\/pages"}],"about":[{"href":"https:\/\/motoslorga.es\/gl\/wp-json\/wp\/v2\/types\/page"}],"author":[{"embeddable":true,"href":"https:\/\/motoslorga.es\/gl\/wp-json\/wp\/v2\/users\/1"}],"replies":[{"embeddable":true,"href":"https:\/\/motoslorga.es\/gl\/wp-json\/wp\/v2\/comments?post=1018"}],"version-history":[{"count":2,"href":"https:\/\/motoslorga.es\/gl\/wp-json\/wp\/v2\/pages\/1018\/revisions"}],"predecessor-version":[{"id":1020,"href":"https:\/\/motoslorga.es\/gl\/wp-json\/wp\/v2\/pages\/1018\/revisions\/1020"}],"wp:attachment":[{"href":"https:\/\/motoslorga.es\/gl\/wp-json\/wp\/v2\/media?parent=1018"}],"curies":[{"name":"wp","href":"https:\/\/api.w.org\/{rel}","templated":true}]}}